{"id":3668,"date":"2021-03-22T10:28:16","date_gmt":"2021-03-22T09:28:16","guid":{"rendered":"https:\/\/laboratorio717.org\/?post_type=entity&#038;p=3668"},"modified":"2021-04-29T12:29:00","modified_gmt":"2021-04-29T10:29:00","slug":"adra","status":"publish","type":"entity","link":"https:\/\/laboratorio717.org\/explorar\/agentes\/ver\/adra\/","title":{"rendered":"Ayuntamiento de Adra"},"content":{"rendered":"\n<p>Adra es un municipio y localidad espa\u00f1ola de la provincia de Almer\u00eda, en la comunidad aut\u00f3noma de Andaluc\u00eda, situado en la comarca del Poniente Almeriense, a 53 km de la capital provincial. Fundada como colonia fenicia, se trata de la ciudad m\u00e1s antigua de la provincia de Almer\u00eda y cuarta ciudad m\u00e1s antigua de Espa\u00f1a. El t\u00e9rmino municipal de Adra es el que se sit\u00faa m\u00e1s al suroeste de la provincia, limitando as\u00ed con la provincia de Granada. Es la quinta ciudad m\u00e1s poblada de la provincia de Almer\u00eda, con una poblaci\u00f3n de 25.412 habitantes.<\/p>\n\n\n\n<p>Las competencias de participaci\u00f3n ciudadana del <strong>Ayuntamiento de Adra<\/strong> se enmarcan en el <strong>\u00c1rea de Participaci\u00f3n Ciudadana<\/strong>, que est\u00e1n coordinadas a trav\u00e9s de la <strong>Concejal\u00eda de Salud y Participaci\u00f3n Ciudadana.<\/strong><\/p>\n\n\n\n<p>De acuerdo con <a href=\"https:\/\/www.todoslosayuntamientos.es\/andalucia\/almeria\/adra\">la p\u00e1gina web del \u00c1rea<\/a>, la persona responsable es:<\/p>\n\n\n\n<ul class=\"wp-block-list\"><li style=\"font-weight: 400;\" aria-level=\"1\"><strong>Patricia Berenguer Lupi\u00f3n,<\/strong> Concejala del Departamento de Salud y Participaci\u00f3n Ciudadana.<\/li><\/ul>\n\n\n\n<p>El <strong><a href=\"https:\/\/www.almeriaciudad.es\/transparencia\/wp-content\/archivos\/sites\/26\/2019\/08\/5.-Rgmto.-org%C3%A1nico-de-Participacion-Ciudadana.pdf\">Reglamento de participaci\u00f3n ciudadana<\/a><\/strong> tiene como objeto la regulaci\u00f3n de los medios, formas y procedimientos de participaci\u00f3n de los vecinos y de las Entidades Ciudadanas de Almer\u00eda en el gobierno y la Administraci\u00f3n municipal, de acuerdo con la Constituci\u00f3n y las leyes.<\/p>\n\n\n\n<p>El Ayuntamiento cuenta con los siguientes \u00f3rganos de participaci\u00f3n:<\/p>\n\n\n\n<ul class=\"wp-block-list\"><li><strong>Consejos Sectoriales:<\/strong> son \u00f3rganos de participaci\u00f3n, informaci\u00f3n y propuesta de los vecinos y las Entidades Ciudadanas, sobre las grandes \u00e1reas de actuaci\u00f3n municipal.<\/li><li><strong>El Consejo Social de la Ciudad<\/strong>: Se constituye como el \u00f3rgano de participaci\u00f3n y deliberaci\u00f3n de las organizaciones econ\u00f3micas, sociales, profesionales y de vecinos m\u00e1s representativas de Almer\u00eda, para la reflexi\u00f3n colectiva, el debate, y la formulaci\u00f3n de propuestas e informes sobre las grandes materias y proyectos que afectan a la ciudad en su conjunto.<\/li><\/ul>\n\n\n\n<p>En la web, al margen de una secci\u00f3n de quejas y sugerencias y de acciones informativas sobre participaci\u00f3n, se incluye informaci\u00f3n sobre presupuestos participativos.<\/p>\n\n\n\n<p><em>Informaci\u00f3n actualizada a 29 de abril de 2021 de acuerdo con los datos disponibles en las fuentes indicadas en el texto.<\/em><\/p>\n","protected":false},"author":257,"featured_media":4005,"template":"","tags":[160,503],"entity_type":[71],"class_list":["post-3668","entity","type-entity","status-publish","has-post-thumbnail","hentry","tag-ayuntamiento","tag-ayuntamiento-de-adra","entity_type-organismo-publico"],"yoast_head":"<!-- This site is optimized with the Yoast SEO plugin v26.8 - https:\/\/yoast.com\/product\/yoast-seo-wordpress\/ -->\n<title>Ayuntamiento de Adra - Lab 717<\/title>\n<meta name=\"robots\" content=\"index, follow, max-snippet:-1, max-image-preview:large, max-video-preview:-1\" \/>\n<link rel=\"canonical\" href=\"https:\/\/laboratorio717.org\/explorar\/agentes\/ver\/adra\/\" \/>\n<meta property=\"og:locale\" content=\"es_ES\" \/>\n<meta property=\"og:type\" content=\"article\" \/>\n<meta property=\"og:title\" content=\"Ayuntamiento de Adra - Lab 717\" \/>\n<meta property=\"og:description\" content=\"Adra es un municipio y localidad espa\u00f1ola de la provincia de Almer\u00eda, en la comunidad aut\u00f3noma de Andaluc\u00eda, situado en la comarca del Poniente Almeriense, a 53 km de la capital provincial. Fundada como colonia fenicia, se trata de la ciudad m\u00e1s antigua de la provincia de Almer\u00eda y cuarta ciudad m\u00e1s antigua de Espa\u00f1a. [&hellip;]\" \/>\n<meta property=\"og:url\" content=\"https:\/\/laboratorio717.org\/explorar\/agentes\/ver\/adra\/\" \/>\n<meta property=\"og:site_name\" content=\"Lab 717\" \/>\n<meta property=\"article:modified_time\" content=\"2021-04-29T10:29:00+00:00\" \/>\n<meta property=\"og:image\" content=\"https:\/\/laboratorio717.org\/wp-content\/uploads\/2021\/03\/descarga-1-3.png\" \/>\n\t<meta property=\"og:image:width\" content=\"225\" \/>\n\t<meta property=\"og:image:height\" content=\"225\" \/>\n\t<meta property=\"og:image:type\" content=\"image\/png\" \/>\n<meta name=\"twitter:card\" content=\"summary_large_image\" \/>\n<meta name=\"twitter:label1\" content=\"Tiempo de lectura\" \/>\n\t<meta name=\"twitter:data1\" content=\"2 minutos\" \/>\n<script type=\"application\/ld+json\" class=\"yoast-schema-graph\">{\"@context\":\"https:\/\/schema.org\",\"@graph\":[{\"@type\":\"WebPage\",\"@id\":\"https:\/\/laboratorio717.org\/explorar\/agentes\/ver\/adra\/\",\"url\":\"https:\/\/laboratorio717.org\/explorar\/agentes\/ver\/adra\/\",\"name\":\"Ayuntamiento de Adra - Lab 717\",\"isPartOf\":{\"@id\":\"https:\/\/laboratorio717.org\/#website\"},\"primaryImageOfPage\":{\"@id\":\"https:\/\/laboratorio717.org\/explorar\/agentes\/ver\/adra\/#primaryimage\"},\"image\":{\"@id\":\"https:\/\/laboratorio717.org\/explorar\/agentes\/ver\/adra\/#primaryimage\"},\"thumbnailUrl\":\"https:\/\/laboratorio717.org\/wp-content\/uploads\/2021\/03\/descarga-1-3.png\",\"datePublished\":\"2021-03-22T09:28:16+00:00\",\"dateModified\":\"2021-04-29T10:29:00+00:00\",\"breadcrumb\":{\"@id\":\"https:\/\/laboratorio717.org\/explorar\/agentes\/ver\/adra\/#breadcrumb\"},\"inLanguage\":\"es\",\"potentialAction\":[{\"@type\":\"ReadAction\",\"target\":[\"https:\/\/laboratorio717.org\/explorar\/agentes\/ver\/adra\/\"]}]},{\"@type\":\"ImageObject\",\"inLanguage\":\"es\",\"@id\":\"https:\/\/laboratorio717.org\/explorar\/agentes\/ver\/adra\/#primaryimage\",\"url\":\"https:\/\/laboratorio717.org\/wp-content\/uploads\/2021\/03\/descarga-1-3.png\",\"contentUrl\":\"https:\/\/laboratorio717.org\/wp-content\/uploads\/2021\/03\/descarga-1-3.png\",\"width\":225,\"height\":225},{\"@type\":\"BreadcrumbList\",\"@id\":\"https:\/\/laboratorio717.org\/explorar\/agentes\/ver\/adra\/#breadcrumb\",\"itemListElement\":[{\"@type\":\"ListItem\",\"position\":1,\"name\":\"Portada\",\"item\":\"https:\/\/laboratorio717.org\/\"},{\"@type\":\"ListItem\",\"position\":2,\"name\":\"Agentes\",\"item\":\"https:\/\/laboratorio717.org\/explorar\/agentes\/\"},{\"@type\":\"ListItem\",\"position\":3,\"name\":\"Ayuntamiento de Adra\"}]},{\"@type\":\"WebSite\",\"@id\":\"https:\/\/laboratorio717.org\/#website\",\"url\":\"https:\/\/laboratorio717.org\/\",\"name\":\"Lab 717\",\"description\":\"Laboratorio de Participaci\u00f3n e Innovaci\u00f3n Democr\u00e1tica de Andaluc\u00eda\",\"publisher\":{\"@id\":\"https:\/\/laboratorio717.org\/#organization\"},\"potentialAction\":[{\"@type\":\"SearchAction\",\"target\":{\"@type\":\"EntryPoint\",\"urlTemplate\":\"https:\/\/laboratorio717.org\/?s={search_term_string}\"},\"query-input\":{\"@type\":\"PropertyValueSpecification\",\"valueRequired\":true,\"valueName\":\"search_term_string\"}}],\"inLanguage\":\"es\"},{\"@type\":\"Organization\",\"@id\":\"https:\/\/laboratorio717.org\/#organization\",\"name\":\"Laboratorio 717\",\"url\":\"https:\/\/laboratorio717.org\/\",\"logo\":{\"@type\":\"ImageObject\",\"inLanguage\":\"es\",\"@id\":\"https:\/\/laboratorio717.org\/#\/schema\/logo\/image\/\",\"url\":\"https:\/\/laboratorio717.org\/wp-content\/uploads\/2019\/04\/lab717_A00_redes.png\",\"contentUrl\":\"https:\/\/laboratorio717.org\/wp-content\/uploads\/2019\/04\/lab717_A00_redes.png\",\"width\":1200,\"height\":630,\"caption\":\"Laboratorio 717\"},\"image\":{\"@id\":\"https:\/\/laboratorio717.org\/#\/schema\/logo\/image\/\"}}]}<\/script>\n<!-- \/ Yoast SEO plugin. -->","yoast_head_json":{"title":"Ayuntamiento de Adra - Lab 717","robots":{"index":"index","follow":"follow","max-snippet":"max-snippet:-1","max-image-preview":"max-image-preview:large","max-video-preview":"max-video-preview:-1"},"canonical":"https:\/\/laboratorio717.org\/explorar\/agentes\/ver\/adra\/","og_locale":"es_ES","og_type":"article","og_title":"Ayuntamiento de Adra - Lab 717","og_description":"Adra es un municipio y localidad espa\u00f1ola de la provincia de Almer\u00eda, en la comunidad aut\u00f3noma de Andaluc\u00eda, situado en la comarca del Poniente Almeriense, a 53 km de la capital provincial. Fundada como colonia fenicia, se trata de la ciudad m\u00e1s antigua de la provincia de Almer\u00eda y cuarta ciudad m\u00e1s antigua de Espa\u00f1a. [&hellip;]","og_url":"https:\/\/laboratorio717.org\/explorar\/agentes\/ver\/adra\/","og_site_name":"Lab 717","article_modified_time":"2021-04-29T10:29:00+00:00","og_image":[{"width":225,"height":225,"url":"https:\/\/laboratorio717.org\/wp-content\/uploads\/2021\/03\/descarga-1-3.png","type":"image\/png"}],"twitter_card":"summary_large_image","twitter_misc":{"Tiempo de lectura":"2 minutos"},"schema":{"@context":"https:\/\/schema.org","@graph":[{"@type":"WebPage","@id":"https:\/\/laboratorio717.org\/explorar\/agentes\/ver\/adra\/","url":"https:\/\/laboratorio717.org\/explorar\/agentes\/ver\/adra\/","name":"Ayuntamiento de Adra - Lab 717","isPartOf":{"@id":"https:\/\/laboratorio717.org\/#website"},"primaryImageOfPage":{"@id":"https:\/\/laboratorio717.org\/explorar\/agentes\/ver\/adra\/#primaryimage"},"image":{"@id":"https:\/\/laboratorio717.org\/explorar\/agentes\/ver\/adra\/#primaryimage"},"thumbnailUrl":"https:\/\/laboratorio717.org\/wp-content\/uploads\/2021\/03\/descarga-1-3.png","datePublished":"2021-03-22T09:28:16+00:00","dateModified":"2021-04-29T10:29:00+00:00","breadcrumb":{"@id":"https:\/\/laboratorio717.org\/explorar\/agentes\/ver\/adra\/#breadcrumb"},"inLanguage":"es","potentialAction":[{"@type":"ReadAction","target":["https:\/\/laboratorio717.org\/explorar\/agentes\/ver\/adra\/"]}]},{"@type":"ImageObject","inLanguage":"es","@id":"https:\/\/laboratorio717.org\/explorar\/agentes\/ver\/adra\/#primaryimage","url":"https:\/\/laboratorio717.org\/wp-content\/uploads\/2021\/03\/descarga-1-3.png","contentUrl":"https:\/\/laboratorio717.org\/wp-content\/uploads\/2021\/03\/descarga-1-3.png","width":225,"height":225},{"@type":"BreadcrumbList","@id":"https:\/\/laboratorio717.org\/explorar\/agentes\/ver\/adra\/#breadcrumb","itemListElement":[{"@type":"ListItem","position":1,"name":"Portada","item":"https:\/\/laboratorio717.org\/"},{"@type":"ListItem","position":2,"name":"Agentes","item":"https:\/\/laboratorio717.org\/explorar\/agentes\/"},{"@type":"ListItem","position":3,"name":"Ayuntamiento de Adra"}]},{"@type":"WebSite","@id":"https:\/\/laboratorio717.org\/#website","url":"https:\/\/laboratorio717.org\/","name":"Lab 717","description":"Laboratorio de Participaci\u00f3n e Innovaci\u00f3n Democr\u00e1tica de Andaluc\u00eda","publisher":{"@id":"https:\/\/laboratorio717.org\/#organization"},"potentialAction":[{"@type":"SearchAction","target":{"@type":"EntryPoint","urlTemplate":"https:\/\/laboratorio717.org\/?s={search_term_string}"},"query-input":{"@type":"PropertyValueSpecification","valueRequired":true,"valueName":"search_term_string"}}],"inLanguage":"es"},{"@type":"Organization","@id":"https:\/\/laboratorio717.org\/#organization","name":"Laboratorio 717","url":"https:\/\/laboratorio717.org\/","logo":{"@type":"ImageObject","inLanguage":"es","@id":"https:\/\/laboratorio717.org\/#\/schema\/logo\/image\/","url":"https:\/\/laboratorio717.org\/wp-content\/uploads\/2019\/04\/lab717_A00_redes.png","contentUrl":"https:\/\/laboratorio717.org\/wp-content\/uploads\/2019\/04\/lab717_A00_redes.png","width":1200,"height":630,"caption":"Laboratorio 717"},"image":{"@id":"https:\/\/laboratorio717.org\/#\/schema\/logo\/image\/"}}]}},"_links":{"self":[{"href":"https:\/\/laboratorio717.org\/API\/wp\/v2\/entity\/3668","targetHints":{"allow":["GET"]}}],"collection":[{"href":"https:\/\/laboratorio717.org\/API\/wp\/v2\/entity"}],"about":[{"href":"https:\/\/laboratorio717.org\/API\/wp\/v2\/types\/entity"}],"author":[{"embeddable":true,"href":"https:\/\/laboratorio717.org\/API\/wp\/v2\/users\/257"}],"wp:featuredmedia":[{"embeddable":true,"href":"https:\/\/laboratorio717.org\/API\/wp\/v2\/media\/4005"}],"wp:attachment":[{"href":"https:\/\/laboratorio717.org\/API\/wp\/v2\/media?parent=3668"}],"wp:term":[{"taxonomy":"post_tag","embeddable":true,"href":"https:\/\/laboratorio717.org\/API\/wp\/v2\/tags?post=3668"},{"taxonomy":"entity_type","embeddable":true,"href":"https:\/\/laboratorio717.org\/API\/wp\/v2\/entity_type?post=3668"}],"curies":[{"name":"wp","href":"https:\/\/api.w.org\/{rel}","templated":true}]}}